{"id":6279,"date":"2023-03-26T20:04:23","date_gmt":"2023-03-26T20:04:23","guid":{"rendered":"https:\/\/secbg.com.br\/?page_id=6279"},"modified":"2025-12-11T17:27:43","modified_gmt":"2025-12-11T20:27:43","slug":"convenios-2-3","status":"publish","type":"page","link":"https:\/\/secbg.com.br\/?page_id=6279","title":{"rendered":"V\u00eddeos"},"content":{"rendered":"<div class=\"wpb-content-wrapper\"><p>[vc_row full_width=&#8221;stretch_row&#8221; equal_height=&#8221;yes&#8221; content_placement=&#8221;middle&#8221; css=&#8221;.vc_custom_1765484632451{background-color: #f5f5f5 !important;}&#8221;][vc_column width=&#8221;1\/2&#8243;][vc_video link=&#8221;https:\/\/youtu.be\/5Qeq_vNhCr4&#8243;][\/vc_column][vc_column width=&#8221;1\/2&#8243; css=&#8221;.vc_custom_1679861040258{background-position: center !important;background-repeat: no-repeat !important;background-size: cover !important;}&#8221;][vc_column_text]<\/p>\n<h2>Dia Internacional da Mulher<\/h2>\n<p class=\"data-local\">Data: 08 de mar\u00e7o de 2021<br \/>\nLocal: SEC-BG<\/p>\n<p>N\u00e3o d\u00ea apenas flores, d\u00ea oportunidades e mais igualdade.[\/vc_column_text][\/vc_column][\/vc_row][vc_row full_width=&#8221;stretch_row_content&#8221; equal_height=&#8221;yes&#8221; content_placement=&#8221;middle&#8221; css=&#8221;.vc_custom_1681395597504{background-color: #f5f5f5 !important;}&#8221;][vc_column css=&#8221;.vc_custom_1679861040258{background-position: center !important;background-repeat: no-repeat !important;background-size: cover !important;}&#8221;][vc_separator][\/vc_column][\/vc_row][vc_row full_width=&#8221;stretch_row&#8221; equal_height=&#8221;yes&#8221; content_placement=&#8221;middle&#8221; css=&#8221;.vc_custom_1765484640283{background-color: #f5f5f5 !important;}&#8221;][vc_column width=&#8221;1\/2&#8243;][vc_video link=&#8221;https:\/\/youtu.be\/nj05GDWGqI4&#8243;][\/vc_column][vc_column width=&#8221;1\/2&#8243; css=&#8221;.vc_custom_1679861040258{background-position: center !important;background-repeat: no-repeat !important;background-size: cover !important;}&#8221;][vc_column_text css=&#8221;&#8221;]<\/p>\n<h3>Entrevista da presidente Orildes Lottici no Jornal TV COM Bento Gon\u00e7alves<\/h3>\n<p class=\"data-local\">Data: 1 de mar\u00e7o de 2021<br \/>\nLocal: TV COM Bento Gon\u00e7alves<\/p>\n<p>A\u00a0<strong>presidente do SEC-BG Orildes Maria Lottic<\/strong>i foi a entrevistada da semana do\u00a0<strong>Jornal TV COM Bento Gon\u00e7alves<\/strong> e que foi ao ar na edi\u00e7\u00e3o desta segunda-feira, 1 de mar\u00e7o de 2021. A presidente falou sobre a Conven\u00e7\u00e3o Coletiva de Trabalho do com\u00e9rcio varejista que foi assinada no final de fevereiro, al\u00e9m de outros assuntos importantes sobre as rela\u00e7\u00f5es de trabalho no setor em Bento Gon\u00e7alves e regi\u00e3o. Assista![\/vc_column_text][\/vc_column][\/vc_row][vc_row full_width=&#8221;stretch_row_content&#8221; equal_height=&#8221;yes&#8221; content_placement=&#8221;middle&#8221; css=&#8221;.vc_custom_1681395597504{background-color: #f5f5f5 !important;}&#8221;][vc_column css=&#8221;.vc_custom_1679861040258{background-position: center !important;background-repeat: no-repeat !important;background-size: cover !important;}&#8221;][vc_separator][\/vc_column][\/vc_row][vc_row full_width=&#8221;stretch_row&#8221; equal_height=&#8221;yes&#8221; content_placement=&#8221;middle&#8221; css=&#8221;.vc_custom_1765484732442{background-color: #f5f5f5 !important;}&#8221;][vc_column width=&#8221;1\/2&#8243; css=&#8221;.vc_custom_1679861040258{background-position: center !important;background-repeat: no-repeat !important;background-size: cover !important;}&#8221;][vc_video link=&#8221;https:\/\/youtu.be\/kIQMWRH1EAU&#8221;][\/vc_column][vc_column width=&#8221;1\/2&#8243; css=&#8221;.vc_custom_1681395878420{padding-top: 50px !important;padding-right: 15% !important;padding-bottom: 50px !important;padding-left: 15% !important;}&#8221;][vc_column_text]<\/p>\n<h2>Mensagem de final de ano!<\/h2>\n<p class=\"data-local\">Data: 17 de dezembro de 2020<\/p>\n<p>[\/vc_column_text][\/vc_column][\/vc_row][vc_row full_width=&#8221;stretch_row_content&#8221; equal_height=&#8221;yes&#8221; content_placement=&#8221;middle&#8221; css=&#8221;.vc_custom_1681395597504{background-color: #f5f5f5 !important;}&#8221;][vc_column css=&#8221;.vc_custom_1679861040258{background-position: center !important;background-repeat: no-repeat !important;background-size: cover !important;}&#8221;][vc_separator][\/vc_column][\/vc_row][vc_row full_width=&#8221;stretch_row&#8221; equal_height=&#8221;yes&#8221; content_placement=&#8221;middle&#8221; css=&#8221;.vc_custom_1765484744654{background-color: #f5f5f5 !important;}&#8221;][vc_column width=&#8221;1\/2&#8243; css=&#8221;.vc_custom_1679861040258{background-position: center !important;background-repeat: no-repeat !important;background-size: cover !important;}&#8221;][vc_video link=&#8221;https:\/\/youtu.be\/UOMxjqF_KgQ&#8221;][\/vc_column][vc_column width=&#8221;1\/2&#8243; css=&#8221;.vc_custom_1681395897621{padding-top: 50px !important;padding-right: 15% !important;padding-bottom: 50px !important;padding-left: 15% !important;}&#8221;][vc_column_text]<\/p>\n<h2>42\u00aa Assembleia Geral SEC-BG<\/h2>\n<p class=\"data-local\">Data: 29 de novembro de 2019<br \/>\nLocal: Restaurante do SESC Bento Gon\u00e7alves<\/p>\n<p>Os comerci\u00e1rios de Bento Gon\u00e7alves e Regi\u00e3o aprovaram pautas importantes da categoria durante a 42\u00aa Assembleia Geral do SECBG, realizada no Restaurante do SESC no dia 29 de novembro. O evento reuniu empregados do com\u00e9rcio para discutir o futuro das rela\u00e7\u00f5es de trabalho no setor e contou com coquetel e sorteio de pr\u00eamios. Confira![\/vc_column_text][\/vc_column][\/vc_row][vc_row full_width=&#8221;stretch_row_content&#8221; equal_height=&#8221;yes&#8221; content_placement=&#8221;middle&#8221; css=&#8221;.vc_custom_1681395597504{background-color: #f5f5f5 !important;}&#8221;][vc_column css=&#8221;.vc_custom_1679861040258{background-position: center !important;background-repeat: no-repeat !important;background-size: cover !important;}&#8221;][vc_separator][\/vc_column][\/vc_row][vc_row full_width=&#8221;stretch_row&#8221; equal_height=&#8221;yes&#8221; content_placement=&#8221;middle&#8221; css=&#8221;.vc_custom_1765484755070{background-color: #f5f5f5 !important;}&#8221;][vc_column width=&#8221;1\/2&#8243; css=&#8221;.vc_custom_1679861040258{background-position: center !important;background-repeat: no-repeat !important;background-size: cover !important;}&#8221;][vc_video link=&#8221;https:\/\/youtu.be\/dR_EWx4YhFs&#8221;][\/vc_column][vc_column width=&#8221;1\/2&#8243; css=&#8221;.vc_custom_1681395916997{padding-top: 50px !important;padding-right: 15% !important;padding-bottom: 50px !important;padding-left: 15% !important;}&#8221;][vc_column_text]<\/p>\n<h2>40\u00aa Assembleia SEC-BG<\/h2>\n<p class=\"data-local\">Data: 28\/11\/2017<br \/>\nLocal: Clube Cor\u00edntians<\/p>\n<p>O dia 28 de novembro de 2017 ficar\u00e1 na hist\u00f3ria do Sindicato dos Empregados no Com\u00e9rcio de Gon\u00e7alves, e na lembran\u00e7a das quase 300 pessoas que estiveram no Clube Cor\u00edntians para a Assembleia Geral Anual do SEC-BG. Comerci\u00e1rios de Bento Gon\u00e7alves e regi\u00e3o mostraram mais uma vez a for\u00e7a da categoria e a import\u00e2ncia de uma institui\u00e7\u00e3o forte e unida e que completou 40 anos em uma Assembleia hist\u00f3rica.[\/vc_column_text][\/vc_column][\/vc_row][vc_row full_width=&#8221;stretch_row_content&#8221; equal_height=&#8221;yes&#8221; content_placement=&#8221;middle&#8221; css=&#8221;.vc_custom_1681395597504{background-color: #f5f5f5 !important;}&#8221;][vc_column css=&#8221;.vc_custom_1679861040258{background-position: center !important;background-repeat: no-repeat !important;background-size: cover !important;}&#8221;][vc_separator][\/vc_column][\/vc_row][vc_row full_width=&#8221;stretch_row&#8221; equal_height=&#8221;yes&#8221; content_placement=&#8221;middle&#8221; css=&#8221;.vc_custom_1765484764054{background-color: #f5f5f5 !important;}&#8221;][vc_column width=&#8221;1\/2&#8243; css=&#8221;.vc_custom_1679861040258{background-position: center !important;background-repeat: no-repeat !important;background-size: cover !important;}&#8221;][vc_video link=&#8221;https:\/\/youtu.be\/qiBSexS6KKg&#8221;][\/vc_column][vc_column width=&#8221;1\/2&#8243; css=&#8221;.vc_custom_1681395937585{padding-top: 50px !important;padding-right: 15% !important;padding-bottom: 50px !important;padding-left: 15% !important;}&#8221;][vc_column_text]<\/p>\n<h2>Ricardo Patah, Presidente do SEC S\u00e3o Paulo e UGT Brasil, parabeniza SEC-BG pelo seus 40 anos<\/h2>\n<p class=\"data-local\">Data: 28 de novembro de 2017<br \/>\nLocal: S\u00e3o Paulo<\/p>\n<p>O Presidente do\u00a0Sindicato dos Comerci\u00e1rios de S\u00e3o Paulo (SECSP) e Presidente da Uni\u00e3o Geral dos Trabalhadores do Brasil (UGT), Sr. Ricardo Patah, deixa sua mensagem pela passagem dos 40 anos do SEC-BG.[\/vc_column_text][\/vc_column][\/vc_row][vc_row full_width=&#8221;stretch_row_content&#8221; equal_height=&#8221;yes&#8221; content_placement=&#8221;middle&#8221; css=&#8221;.vc_custom_1681395597504{background-color: #f5f5f5 !important;}&#8221;][vc_column css=&#8221;.vc_custom_1679861040258{background-position: center !important;background-repeat: no-repeat !important;background-size: cover !important;}&#8221;][vc_separator][\/vc_column][\/vc_row][vc_row full_width=&#8221;stretch_row&#8221; equal_height=&#8221;yes&#8221; content_placement=&#8221;middle&#8221; css=&#8221;.vc_custom_1765484772683{background-color: #f5f5f5 !important;}&#8221;][vc_column width=&#8221;1\/2&#8243; css=&#8221;.vc_custom_1679861040258{background-position: center !important;background-repeat: no-repeat !important;background-size: cover !important;}&#8221;][vc_video link=&#8221;https:\/\/youtu.be\/mVAZMI8sJGo&#8221;][\/vc_column][vc_column width=&#8221;1\/2&#8243; css=&#8221;.vc_custom_1681395957488{padding-top: 50px !important;padding-right: 15% !important;padding-bottom: 50px !important;padding-left: 15% !important;}&#8221;][vc_column_text]<\/p>\n<h2>Espa\u00e7o Sa\u00fade &amp; Beleza SEC-BG<\/h2>\n<p class=\"data-local\">Data: 26 de maio de 2017<br \/>\nLocal: SEC-BG<\/p>\n<p>O SEC-BG inaugurou na \u00faltima sexta-feira (26) o Espa\u00e7o Sa\u00fade &amp; Beleza. Visando a valoriza\u00e7\u00e3o da categoria, o Sindicato disponibilizar\u00e1 servi\u00e7os voltados para a sa\u00fade e a beleza dos comerci\u00e1rios e comerci\u00e1rios de Bento Gon\u00e7alves e Regi\u00e3o. Com pre\u00e7os subsidiados, o associados SEC-BG poder\u00e3o desfrutar de sess\u00f5es de Pilates e servi\u00e7os est\u00e9ticos como manicure, pedicure, cabeleireiro e maquiagem. Para saber mais sobre valores e agendamento ligue 3452-2535.[\/vc_column_text][\/vc_column][\/vc_row][vc_row full_width=&#8221;stretch_row_content&#8221; equal_height=&#8221;yes&#8221; content_placement=&#8221;middle&#8221; css=&#8221;.vc_custom_1681395597504{background-color: #f5f5f5 !important;}&#8221;][vc_column css=&#8221;.vc_custom_1679861040258{background-position: center !important;background-repeat: no-repeat !important;background-size: cover !important;}&#8221;][vc_separator][\/vc_column][\/vc_row][vc_row full_width=&#8221;stretch_row&#8221; equal_height=&#8221;yes&#8221; content_placement=&#8221;middle&#8221; css=&#8221;.vc_custom_1765484783030{background-color: #f5f5f5 !important;}&#8221;][vc_column width=&#8221;1\/2&#8243; css=&#8221;.vc_custom_1679861040258{background-position: center !important;background-repeat: no-repeat !important;background-size: cover !important;}&#8221;][vc_video link=&#8221;https:\/\/youtu.be\/riXrEIhn2zI&#8221;][\/vc_column][vc_column width=&#8221;1\/2&#8243; css=&#8221;.vc_custom_1681395974250{padding-top: 50px !important;padding-right: 15% !important;padding-bottom: 50px !important;padding-left: 15% !important;}&#8221;][vc_column_text]<\/p>\n<h2>Dia Internacional da Mulher 2017<\/h2>\n<p class=\"data-local\">Data: 08 de mar\u00e7o de 2017<br \/>\nLocal: Sal\u00e3o Paroquial Santo Ant\u00f4nio<\/p>\n<p>Cerca de 250 pessoas participaram, na noite de 8 de mar\u00e7o &#8211; Dia Internacional da Mulher &#8211; da palestra sobre automaquiagem ministrada pela youtuber mineira Dayane Pedrosa, um presente do SEC-BG para as comerci\u00e1rias. O evento aconteceu no Sal\u00e3o Paroquial Santo Ant\u00f4nio e integra o calend\u00e1rio de atividades anuais do Sindicato dos Empregados no Com\u00e9rcio de Bento Gon\u00e7alves.[\/vc_column_text][\/vc_column][\/vc_row][vc_row full_width=&#8221;stretch_row_content&#8221; equal_height=&#8221;yes&#8221; content_placement=&#8221;middle&#8221; css=&#8221;.vc_custom_1681395597504{background-color: #f5f5f5 !important;}&#8221;][vc_column css=&#8221;.vc_custom_1679861040258{background-position: center !important;background-repeat: no-repeat !important;background-size: cover !important;}&#8221;][vc_separator][\/vc_column][\/vc_row][vc_row full_width=&#8221;stretch_row&#8221; equal_height=&#8221;yes&#8221; content_placement=&#8221;middle&#8221; css=&#8221;.vc_custom_1765484791923{background-color: #f5f5f5 !important;}&#8221;][vc_column width=&#8221;1\/2&#8243; css=&#8221;.vc_custom_1679861040258{background-position: center !important;background-repeat: no-repeat !important;background-size: cover !important;}&#8221;][vc_video link=&#8221;https:\/\/youtu.be\/cAEZW_E7D3k&#8221;][\/vc_column][vc_column width=&#8221;1\/2&#8243; css=&#8221;.vc_custom_1681396001499{padding-top: 50px !important;padding-right: 15% !important;padding-bottom: 50px !important;padding-left: 15% !important;}&#8221;][vc_column_text]<\/p>\n<h2>Convite Dia Internacional da Mulher 2017<\/h2>\n<p class=\"data-local\">Data: 08 de mar\u00e7o de 2017<br \/>\nLocal: Sal\u00e3o Paroquial Santo Ant\u00f4nio<\/p>\n<p>DIA INTERNACIONAL DA MULHER SEC-BG<\/p>\n<p>Data: 08 de mar\u00e7o de 2017<br \/>\nLocal: Sal\u00e3o Paroquial Santo Ant\u00f4nio<br \/>\nHor\u00e1rio: 19 horas &#8211; Coquetel e Recep\u00e7\u00e3o | 20 horas &#8211; Palestra<\/p>\n<p>Comerci\u00e1rias de Bento e Regi\u00e3o! O SEC-BG preparou uma noite especial para deixar voc\u00ea ainda mais poderosa. A youtuber e maquiadora Dayane Pedrosa vai ensinar o passo a passo para fazer uma auto maquiagem pr\u00e1tica com dicas r\u00e1pidas e f\u00e1ceis para o seu dia a dia.[\/vc_column_text][\/vc_column][\/vc_row][vc_row full_width=&#8221;stretch_row_content&#8221; equal_height=&#8221;yes&#8221; content_placement=&#8221;middle&#8221; css=&#8221;.vc_custom_1681395597504{background-color: #f5f5f5 !important;}&#8221;][vc_column css=&#8221;.vc_custom_1679861040258{background-position: center !important;background-repeat: no-repeat !important;background-size: cover !important;}&#8221;][vc_separator][\/vc_column][\/vc_row][vc_row full_width=&#8221;stretch_row&#8221; equal_height=&#8221;yes&#8221; content_placement=&#8221;middle&#8221; css=&#8221;.vc_custom_1765484799771{background-color: #f5f5f5 !important;}&#8221;][vc_column width=&#8221;1\/2&#8243; css=&#8221;.vc_custom_1679861040258{background-position: center !important;background-repeat: no-repeat !important;background-size: cover !important;}&#8221;][vc_video link=&#8221;https:\/\/youtu.be\/m1_36XcTdZQ&#8221;][\/vc_column][vc_column width=&#8221;1\/2&#8243; css=&#8221;.vc_custom_1681396281332{padding-right: 15% !important;padding-left: 15% !important;}&#8221;][vc_column_text]<\/p>\n<h2>39\u00aa Assembl\u00e9ia SEC-BG<\/h2>\n<p>Data: 25 de novembro de 2016<br \/>\nLocal: Clube Cor\u00edntians<\/p>\n<p>No dia de 25 de novembro de 2016, o Sindicato dos Empregados no Com\u00e9rcio de Bento Gon\u00e7alves (SEC-BG) realizou a sua 39\u00aa Assembleia Geral e a comemora\u00e7\u00e3o dos 39 anos da entidade. O encontro reuniu no Clube Cor\u00edntians cerca de 300 comerci\u00e1rios de Bento Gon\u00e7alves, Garibaldi, Carlos Barbosa, Veran\u00f3polis, Nova Prata e outros munic\u00edpios da base territorial de abrang\u00eancia da entidade.<\/p>\n<p>O objetivo do evento, realizado anualmente, \u00e9 dar in\u00edcio \u00e0s negocia\u00e7\u00f5es para elabora\u00e7\u00e3o da pauta da categoria comerci\u00e1ria para as Conven\u00e7\u00f5es Coletivas para o pr\u00f3ximo ano. Houve tamb\u00e9m a palestra-show do empres\u00e1rio e contador Roberto Montanha, acompanhado pelo m\u00e1gico Crispin, e o sorteio de 39 pr\u00eamios.[\/vc_column_text][\/vc_column][\/vc_row][vc_row full_width=&#8221;stretch_row_content&#8221; equal_height=&#8221;yes&#8221; content_placement=&#8221;middle&#8221; css=&#8221;.vc_custom_1681395597504{background-color: #f5f5f5 !important;}&#8221;][vc_column css=&#8221;.vc_custom_1679861040258{background-position: center !important;background-repeat: no-repeat !important;background-size: cover !important;}&#8221;][vc_separator][\/vc_column][\/vc_row][vc_row full_width=&#8221;stretch_row&#8221; equal_height=&#8221;yes&#8221; content_placement=&#8221;middle&#8221; css=&#8221;.vc_custom_1765484807123{background-color: #f5f5f5 !important;}&#8221;][vc_column width=&#8221;1\/2&#8243; css=&#8221;.vc_custom_1679861040258{background-position: center !important;background-repeat: no-repeat !important;background-size: cover !important;}&#8221;][vc_video link=&#8221;https:\/\/youtu.be\/0vI-ueYDp_8&#8243;][\/vc_column][vc_column width=&#8221;1\/2&#8243; css=&#8221;.vc_custom_1681396031945{padding-top: 50px !important;padding-right: 15% !important;padding-bottom: 50px !important;padding-left: 15% !important;}&#8221;][vc_column_text]<\/p>\n<h2>Convite 39\u00aa Assembl\u00e9ia SEC-BG | 25 de novembro, Clube Cor\u00edntians<\/h2>\n<p class=\"data-local\">Data: 25 de novembro de 2016<br \/>\nLocal: Clube Cor\u00edntians<\/p>\n<p>O Palestrante Roberto Montanha convida para a 39\u00aa Assembl\u00e9ia do SEC-BG. \u00c9 amanh\u00e3, sexta-feira (25) no Clube Cor\u00edntians, a partir das 18:45h. Al\u00e9m da Palestra Show e da Assembl\u00e9ia, teremos um delicioso coquetel e o sorteio de 39 pr\u00eamios. Todos convidados!!![\/vc_column_text][\/vc_column][\/vc_row][vc_row full_width=&#8221;stretch_row_content&#8221; equal_height=&#8221;yes&#8221; content_placement=&#8221;middle&#8221; css=&#8221;.vc_custom_1681395597504{background-color: #f5f5f5 !important;}&#8221;][vc_column css=&#8221;.vc_custom_1679861040258{background-position: center !important;background-repeat: no-repeat !important;background-size: cover !important;}&#8221;][vc_separator][\/vc_column][\/vc_row][vc_row full_width=&#8221;stretch_row&#8221; equal_height=&#8221;yes&#8221; content_placement=&#8221;middle&#8221; css=&#8221;.vc_custom_1765484814789{background-color: #f5f5f5 !important;}&#8221;][vc_column width=&#8221;1\/2&#8243; css=&#8221;.vc_custom_1679861040258{background-position: center !important;background-repeat: no-repeat !important;background-size: cover !important;}&#8221;][vc_video link=&#8221;https:\/\/youtu.be\/FWGc4u-5Ucc&#8221;][\/vc_column][vc_column width=&#8221;1\/2&#8243; css=&#8221;.vc_custom_1681396053196{padding-top: 50px !important;padding-right: 15% !important;padding-bottom: 50px !important;padding-left: 15% !important;}&#8221;][vc_column_text]<\/p>\n<h2>Programa de Forma\u00e7\u00e3o Sindical SEC-BG<\/h2>\n<p class=\"data-local\">Data: 14 de setembro de 2016<br \/>\nLocal: Sede Central do Sindicato dos Empregados no Com\u00e9rcio de Bento Gon\u00e7alves<\/p>\n<p>O Programa de Forma\u00e7\u00e3o Sindical do SEC-BG \u00e9\u00a0um projeto que visa contribuir para o\u00a0crescimento e desenvolvimento pessoal e\u00a0institucional dos Diretores do Sindicato.<\/p>\n<p>Ministrado pela Mundi Desenvolvimento Pessoal e Organizacional, o programa integra as pol\u00edticas\u00a0de qualifica\u00e7\u00e3o propostas pela Gest\u00e3o 2015\/2019,\u00a0presidida por Orlides Maria Lottici.[\/vc_column_text][\/vc_column][\/vc_row][vc_row full_width=&#8221;stretch_row_content&#8221; equal_height=&#8221;yes&#8221; content_placement=&#8221;middle&#8221; css=&#8221;.vc_custom_1681395597504{background-color: #f5f5f5 !important;}&#8221;][vc_column css=&#8221;.vc_custom_1679861040258{background-position: center !important;background-repeat: no-repeat !important;background-size: cover !important;}&#8221;][vc_separator][\/vc_column][\/vc_row][vc_row full_width=&#8221;stretch_row&#8221; equal_height=&#8221;yes&#8221; content_placement=&#8221;middle&#8221; css=&#8221;.vc_custom_1765484820803{background-color: #f5f5f5 !important;}&#8221;][vc_column width=&#8221;1\/2&#8243; css=&#8221;.vc_custom_1679861040258{background-position: center !important;background-repeat: no-repeat !important;background-size: cover !important;}&#8221;][vc_video link=&#8221;https:\/\/youtu.be\/ukIrkPI8G74&#8243;][\/vc_column][vc_column width=&#8221;1\/2&#8243; css=&#8221;.vc_custom_1681396064092{padding-top: 50px !important;padding-right: 15% !important;padding-bottom: 50px !important;padding-left: 15% !important;}&#8221;][vc_column_text]<\/p>\n<h2>4\u00ba CAF\u00c9 SENSORIAL SEC-BG<\/h2>\n<p class=\"data-local\">Data: 19 de agosto de 2016<br \/>\nLocal: Dall Onder Grande Hotel, Bento Gon\u00e7alves<\/p>\n<p>O Caf\u00e9 Sensorial do SEC-BG tem por objetivo sensibilizar autoridades, dirigentes e a sociedade em geral, sobre a necessidade do munic\u00edpio em adequar e garantir o acesso das pessoas com defici\u00eancia \u00e0s estruturas de servi\u00e7os p\u00fabicos e privados. O\u00a0projeto est\u00e1 em sua 4\u00aa edi\u00e7\u00e3o conta com o importante apoio do Sindicato dos Comerci\u00e1rios de S\u00e3o Paulo e da UGT.[\/vc_column_text][\/vc_column][\/vc_row][vc_row full_width=&#8221;stretch_row_content&#8221; equal_height=&#8221;yes&#8221; content_placement=&#8221;middle&#8221; css=&#8221;.vc_custom_1681395597504{background-color: #f5f5f5 !important;}&#8221;][vc_column css=&#8221;.vc_custom_1679861040258{background-position: center !important;background-repeat: no-repeat !important;background-size: cover !important;}&#8221;][vc_separator][\/vc_column][\/vc_row][vc_row full_width=&#8221;stretch_row&#8221; equal_height=&#8221;yes&#8221; content_placement=&#8221;middle&#8221; css=&#8221;.vc_custom_1765484829908{background-color: #f5f5f5 !important;}&#8221;][vc_column width=&#8221;1\/2&#8243; css=&#8221;.vc_custom_1679861040258{background-position: center !important;background-repeat: no-repeat !important;background-size: cover !important;}&#8221;][vc_video link=&#8221;https:\/\/youtu.be\/QypEPiS6tQ8&#8243;][\/vc_column][vc_column width=&#8221;1\/2&#8243; css=&#8221;.vc_custom_1681396090537{padding-top: 50px !important;padding-right: 15% !important;padding-bottom: 50px !important;padding-left: 15% !important;}&#8221;][vc_column_text]<\/p>\n<h2>Lan\u00e7amento da nova maca SEC-BG<\/h2>\n<p class=\"data-local\">Data: 18 de julho de 2016<br \/>\nLocal: Sede Central do Sindicato dos Empregados no Com\u00e9rcio de Bento Gon\u00e7alves<\/p>\n<p>A partir de uma vis\u00e3o inovadora que sempre norteou as a\u00e7\u00f5es do SEC-BG nestes 38 anos, apresentamos nossa nova marca. Esta mudan\u00e7a significa muito mais do que alterar um logotipo ou substituir um material de expediente. Representa o in\u00edcio de um novo ciclo comunicacional, num processo de transforma\u00e7\u00e3o e aperfei\u00e7oamento cont\u00ednuo, que nos acompanha diariamente em nosso trabalho.[\/vc_column_text][\/vc_column][\/vc_row][vc_row full_width=&#8221;stretch_row_content&#8221; equal_height=&#8221;yes&#8221; content_placement=&#8221;middle&#8221; css=&#8221;.vc_custom_1681395597504{background-color: #f5f5f5 !important;}&#8221;][vc_column css=&#8221;.vc_custom_1679861040258{background-position: center !important;background-repeat: no-repeat !important;background-size: cover !important;}&#8221;][vc_separator][\/vc_column][\/vc_row][vc_row full_width=&#8221;stretch_row&#8221; equal_height=&#8221;yes&#8221; content_placement=&#8221;middle&#8221; css=&#8221;.vc_custom_1765484838733{background-color: #f5f5f5 !important;}&#8221;][vc_column width=&#8221;1\/2&#8243; css=&#8221;.vc_custom_1679861040258{background-position: center !important;background-repeat: no-repeat !important;background-size: cover !important;}&#8221;][vc_video link=&#8221;https:\/\/youtu.be\/IpeldRWOq-k&#8221;][\/vc_column][vc_column width=&#8221;1\/2&#8243; css=&#8221;.vc_custom_1681396111231{padding-top: 50px !important;padding-right: 15% !important;padding-bottom: 50px !important;padding-left: 15% !important;}&#8221;][vc_column_text]<\/p>\n<h2>DIA INTERNACIONAL DA MULHER<\/h2>\n<p class=\"data-local\">Data: 08 de mar\u00e7o de 2016<br \/>\nLocal: Sal\u00e3o Paroquial Santo Ant\u00f4nio<\/p>\n<p>Reafirmando um compromisso<br \/>\nO SEC-BG recebeu mais de 200 pessoas no Sal\u00e3o Paroquial Santo Ant\u00f4nio para comemorar e refletir sobre o importante papel da mulher na sociedade. Comerci\u00e1rias, comerci\u00e1rios, Dirigentes Sindicais e lideran\u00e7as pol\u00edticas locais e estaduais prestigiaram o evento.[\/vc_column_text][\/vc_column][\/vc_row][vc_row full_width=&#8221;stretch_row_content&#8221; equal_height=&#8221;yes&#8221; content_placement=&#8221;middle&#8221; css=&#8221;.vc_custom_1681395597504{background-color: #f5f5f5 !important;}&#8221;][vc_column css=&#8221;.vc_custom_1679861040258{background-position: center !important;background-repeat: no-repeat !important;background-size: cover !important;}&#8221;][vc_separator][\/vc_column][\/vc_row][vc_row full_width=&#8221;stretch_row&#8221; equal_height=&#8221;yes&#8221; content_placement=&#8221;middle&#8221; css=&#8221;.vc_custom_1765484847854{background-color: #f5f5f5 !important;}&#8221;][vc_column width=&#8221;1\/2&#8243; css=&#8221;.vc_custom_1679861040258{background-position: center !important;background-repeat: no-repeat !important;background-size: cover !important;}&#8221;][vc_video link=&#8221;https:\/\/youtu.be\/KgjCW1A4Z8o&#8221;][\/vc_column][vc_column width=&#8221;1\/2&#8243; css=&#8221;.vc_custom_1681396127395{padding-top: 50px !important;padding-right: 15% !important;padding-bottom: 50px !important;padding-left: 15% !important;}&#8221;][vc_column_text]<\/p>\n<h2>RESTROSPECTIVA SEC-BG 2015<\/h2>\n<p>Um pouco do que marcou as atividades do Sindicato dos Comerci\u00e1rios de Bento Gon\u00e7alves no ano de 2015.[\/vc_column_text][\/vc_column][\/vc_row][vc_row full_width=&#8221;stretch_row_content&#8221; equal_height=&#8221;yes&#8221; content_placement=&#8221;middle&#8221; css=&#8221;.vc_custom_1681396137460{background-color: #f5f5f5 !important;}&#8221;][vc_column css=&#8221;.vc_custom_1679861040258{background-position: center !important;background-repeat: no-repeat !important;background-size: cover !important;}&#8221;][vc_separator][\/vc_column][\/vc_row][vc_row full_width=&#8221;stretch_row&#8221; equal_height=&#8221;yes&#8221; css=&#8221;.vc_custom_1765484855011{background-color: #f5f5f5 !important;}&#8221;][vc_column width=&#8221;1\/2&#8243; css=&#8221;.vc_custom_1679861040258{background-position: center !important;background-repeat: no-repeat !important;background-size: cover !important;}&#8221;][vc_video link=&#8221;https:\/\/youtu.be\/_v8t-p_gIBY&#8221;][\/vc_column][vc_column width=&#8221;1\/2&#8243; css=&#8221;.vc_custom_1681396146943{padding-top: 50px !important;padding-right: 15% !important;padding-bottom: 50px !important;padding-left: 15% !important;}&#8221;][vc_column_text]<\/p>\n<h2>ELEI\u00c7\u00d5ES SEC-BG<\/h2>\n<p class=\"data-local\">Data: Elei\u00e7\u00f5es 2015<\/p>\n<p>Comerci\u00e1rios elegem Orildes Lottici com 92,69% de aprova\u00e7\u00e3o.[\/vc_column_text][\/vc_column][\/vc_row][vc_row full_width=&#8221;stretch_row_content&#8221; equal_height=&#8221;yes&#8221; content_placement=&#8221;middle&#8221; css=&#8221;.vc_custom_1681395597504{background-color: #f5f5f5 !important;}&#8221;][vc_column css=&#8221;.vc_custom_1679861040258{background-position: center !important;background-repeat: no-repeat !important;background-size: cover !important;}&#8221;][vc_separator][\/vc_column][\/vc_row][vc_row full_width=&#8221;stretch_row&#8221; equal_height=&#8221;yes&#8221; content_placement=&#8221;middle&#8221; css=&#8221;.vc_custom_1765484860875{background-color: #f5f5f5 !important;}&#8221;][vc_column width=&#8221;1\/2&#8243; css=&#8221;.vc_custom_1679861040258{background-position: center !important;background-repeat: no-repeat !important;background-size: cover !important;}&#8221;][vc_video link=&#8221;https:\/\/youtu.be\/-mDDoXSKHR8&#8243;][\/vc_column][vc_column width=&#8221;1\/2&#8243; css=&#8221;.vc_custom_1681396156184{padding-top: 50px !important;padding-right: 15% !important;padding-bottom: 50px !important;padding-left: 15% !important;}&#8221;][vc_column_text]<\/p>\n<h2>38\u00aa ASSEMBLEIA GERAL SEC-BG<\/h2>\n<p class=\"data-local\">Data: 27 de novembro de 2015<br \/>\nLocal: Clube Cor\u00edntians<\/p>\n<p>O Sindicato dos Empregados no Com\u00e9rcio de Bento Gon\u00e7alves promoveu no dia 27 de novembro de 2015, a Assembleia Geral anual, com o objetivo de iniciar as negocia\u00e7\u00f5es com os Sindicatos Patronais da base territorial de sua abrang\u00eancia para as Conven\u00e7\u00f5es Coletivas do ano de 2016. Cerca de 300 comerci\u00e1rios participaram do encontro, realizado no Clube Cor\u00edntians, provenientes de cidades como Bento Gon\u00e7alves, Garibaldi, Carlos Barbosa, Veran\u00f3polis e Nova Prata.[\/vc_column_text][\/vc_column][\/vc_row][vc_row full_width=&#8221;stretch_row_content&#8221; equal_height=&#8221;yes&#8221; content_placement=&#8221;middle&#8221; css=&#8221;.vc_custom_1681395597504{background-color: #f5f5f5 !important;}&#8221;][vc_column css=&#8221;.vc_custom_1679861040258{background-position: center !important;background-repeat: no-repeat !important;background-size: cover !important;}&#8221;][vc_separator][\/vc_column][\/vc_row]<\/p>\n<\/div>","protected":false},"excerpt":{"rendered":"<p class=\"card-text\">[vc_row full_width=&#8221;stretch_row&#8221; equal_height=&#8221;yes&#8221; content_placement=&#8221;middle&#8221; css=&#8221;.vc_custom_1765484632451{background-color: #f5f5f5 !important;}&#8221;][vc_column width=&#8221;1\/2&#8243;][vc_video link=&#8221;https:\/\/youtu.be\/5Qeq_vNhCr4&#8243;][\/vc_column][vc_column width=&#8221;1\/2&#8243; css=&#8221;.vc_custom_1679861040258{background-position: center !important;background-repeat: no-repeat !important;background-size: cover !important;}&#8221;][vc_column_text] Dia Internacional da Mulher Data: 08 de mar\u00e7o de 2021 Local: SEC-BG N\u00e3o d\u00ea apenas flores, d\u00ea oportunidades e mais igualdade.[\/vc_column_text][\/vc_column][\/vc_row][vc_row full_width=&#8221;stretch_row_content&#8221; equal_height=&#8221;yes&#8221; content_placement=&#8221;middle&#8221; css=&#8221;.vc_custom_1681395597504{background-color: #f5f5f5 !important;}&#8221;][vc_column css=&#8221;.vc_custom_1679861040258{background-position: center !important;background-repeat: no-repeat !important;background-size: cover !important;}&#8221;][vc_separator][\/vc_column][\/vc_row][vc_row full_width=&#8221;stretch_row&#8221; equal_height=&#8221;yes&#8221; content_placement=&#8221;middle&#8221; css=&#8221;.vc_custom_1765484640283{background-color: [&#8230;]<\/p>\n<p class=\"m-0\"><a class=\"btn btn-outline-secondary btn-read-more\" href=\"https:\/\/secbg.com.br\/?page_id=6279\">Read More<\/a><\/p>\n","protected":false},"author":1,"featured_media":0,"parent":0,"menu_order":0,"comment_status":"closed","ping_status":"closed","template":"","meta":{"footnotes":""},"class_list":["post-6279","page","type-page","status-publish","hentry"],"_links":{"self":[{"href":"https:\/\/secbg.com.br\/index.php?rest_route=\/wp\/v2\/pages\/6279","targetHints":{"allow":["GET"]}}],"collection":[{"href":"https:\/\/secbg.com.br\/index.php?rest_route=\/wp\/v2\/pages"}],"about":[{"href":"https:\/\/secbg.com.br\/index.php?rest_route=\/wp\/v2\/types\/page"}],"author":[{"embeddable":true,"href":"https:\/\/secbg.com.br\/index.php?rest_route=\/wp\/v2\/users\/1"}],"replies":[{"embeddable":true,"href":"https:\/\/secbg.com.br\/index.php?rest_route=%2Fwp%2Fv2%2Fcomments&post=6279"}],"version-history":[{"count":10,"href":"https:\/\/secbg.com.br\/index.php?rest_route=\/wp\/v2\/pages\/6279\/revisions"}],"predecessor-version":[{"id":6948,"href":"https:\/\/secbg.com.br\/index.php?rest_route=\/wp\/v2\/pages\/6279\/revisions\/6948"}],"wp:attachment":[{"href":"https:\/\/secbg.com.br\/index.php?rest_route=%2Fwp%2Fv2%2Fmedia&parent=6279"}],"curies":[{"name":"wp","href":"https:\/\/api.w.org\/{rel}","templated":true}]}}